{"id":1582,"date":"2019-10-31T10:05:05","date_gmt":"2019-10-31T10:05:05","guid":{"rendered":"https:\/\/fcctarragona.com\/index.php\/home\/"},"modified":"2025-11-03T20:34:03","modified_gmt":"2025-11-03T19:34:03","slug":"inici","status":"publish","type":"page","link":"https:\/\/fcctarragona.com\/","title":{"rendered":"INICI"},"content":{"rendered":"\t\t<div data-elementor-type=\"wp-page\" data-elementor-id=\"1582\" class=\"elementor elementor-1582\" data-elementor-settings=\"[]\">\n\t\t\t\t\t\t\t<div class=\"elementor-section-wrap\">\n\t\t\t\t\t\t\t<section class=\"elementor-section elementor-top-section elementor-element elementor-element-6f3951e elementor-section-full_width elementor-section-height-default elementor-section-height-default\" data-id=\"6f3951e\" data-element_type=\"section\" data-settings=\"{&quot;background_background&quot;:&quot;classic&quot;}\">\n\t\t\t\t\t\t\t<div class=\"elementor-background-overlay\"><\/div>\n\t\t\t\t\t\t\t<div class=\"elementor-container elementor-column-gap-no\">\n\t\t\t\t\t<div class=\"elementor-column elementor-col-33 elementor-top-column elementor-element elementor-element-d17ab37\" data-id=\"d17ab37\" data-element_type=\"column\">\n\t\t\t<div class=\"elementor-widget-wrap\">\n\t\t\t\t\t\t\t\t\t<\/div>\n\t\t<\/div>\n\t\t\t\t<div class=\"elementor-column elementor-col-33 elementor-top-column elementor-element elementor-element-001e057\" data-id=\"001e057\" data-element_type=\"column\">\n\t\t\t<div class=\"elementor-widget-wrap elementor-element-populated\">\n\t\t\t\t\t\t\t\t<div class=\"elementor-element elementor-element-a2adb8e elementor-widget elementor-widget-heading\" data-id=\"a2adb8e\" data-element_type=\"widget\" data-widget_type=\"heading.default\">\n\t\t\t\t<div class=\"elementor-widget-container\">\n\t\t\t<h1 class=\"elementor-heading-title elementor-size-default\">Federaci\u00f3 Catalana de ca\u00e7a<br>Representaci\u00f3 Territorial de Tarragona<\/h1>\t\t<\/div>\n\t\t\t\t<\/div>\n\t\t\t\t\t<\/div>\n\t\t<\/div>\n\t\t\t\t<div class=\"elementor-column elementor-col-33 elementor-top-column elementor-element elementor-element-41e1ffc\" data-id=\"41e1ffc\" data-element_type=\"column\">\n\t\t\t<div class=\"elementor-widget-wrap\">\n\t\t\t\t\t\t\t\t\t<\/div>\n\t\t<\/div>\n\t\t\t\t\t\t\t<\/div>\n\t\t<\/section>\n\t\t\t\t<section class=\"elementor-section elementor-top-section elementor-element elementor-element-e45f3de elementor-section-boxed elementor-section-height-default elementor-section-height-default\" data-id=\"e45f3de\" data-element_type=\"section\">\n\t\t\t\t\t\t<div class=\"elementor-container elementor-column-gap-default\">\n\t\t\t\t\t<div class=\"elementor-column elementor-col-100 elementor-top-column elementor-element elementor-element-8c7436d\" data-id=\"8c7436d\" data-element_type=\"column\">\n\t\t\t<div class=\"elementor-widget-wrap elementor-element-populated\">\n\t\t\t\t\t\t\t\t<div class=\"elementor-element elementor-element-dcadd76 elementor-widget elementor-widget-spacer\" data-id=\"dcadd76\" data-element_type=\"widget\" data-widget_type=\"spacer.default\">\n\t\t\t\t<div class=\"elementor-widget-container\">\n\t\t\t\t\t<div class=\"elementor-spacer\">\n\t\t\t<div class=\"elementor-spacer-inner\"><\/div>\n\t\t<\/div>\n\t\t\t\t<\/div>\n\t\t\t\t<\/div>\n\t\t\t\t\t<\/div>\n\t\t<\/div>\n\t\t\t\t\t\t\t<\/div>\n\t\t<\/section>\n\t\t\t\t<section class=\"elementor-section elementor-top-section elementor-element elementor-element-e214212 elementor-section-boxed elementor-section-height-default elementor-section-height-default\" data-id=\"e214212\" data-element_type=\"section\">\n\t\t\t\t\t\t<div class=\"elementor-container elementor-column-gap-default\">\n\t\t\t\t\t<div class=\"elementor-column elementor-col-100 elementor-top-column elementor-element elementor-element-16b361e\" data-id=\"16b361e\" data-element_type=\"column\">\n\t\t\t<div class=\"elementor-widget-wrap elementor-element-populated\">\n\t\t\t\t\t\t\t\t<div class=\"elementor-element elementor-element-0021f1e elementor-widget elementor-widget-heading\" data-id=\"0021f1e\" data-element_type=\"widget\" data-widget_type=\"heading.default\">\n\t\t\t\t<div class=\"elementor-widget-container\">\n\t\t\t<h2 class=\"elementor-heading-title elementor-size-default\">\u00daltimes Not\u00edcies<\/h2>\t\t<\/div>\n\t\t\t\t<\/div>\n\t\t\t\t<div class=\"elementor-element elementor-element-d5af2b0 elementor-align-center elementor-widget elementor-widget-button\" data-id=\"d5af2b0\" data-element_type=\"widget\" data-widget_type=\"button.default\">\n\t\t\t\t<div class=\"elementor-widget-container\">\n\t\t\t\t\t<div class=\"elementor-button-wrapper\">\n\t\t\t<a href=\"http:\/\/fcctarragona.com\/index.php\/noticies\/\" class=\"elementor-button-link elementor-button elementor-size-sm\" role=\"button\">\n\t\t\t\t\t\t<span class=\"elementor-button-content-wrapper\">\n\t\t\t\t\t\t<span class=\"elementor-button-text\">Click Aqu\u00ed<\/span>\n\t\t<\/span>\n\t\t\t\t\t<\/a>\n\t\t<\/div>\n\t\t\t\t<\/div>\n\t\t\t\t<\/div>\n\t\t\t\t\t<\/div>\n\t\t<\/div>\n\t\t\t\t\t\t\t<\/div>\n\t\t<\/section>\n\t\t\t\t<section class=\"elementor-section elementor-top-section elementor-element elementor-element-30dc01f elementor-section-boxed elementor-section-height-default elementor-section-height-default\" data-id=\"30dc01f\" data-element_type=\"section\" data-settings=\"{&quot;background_background&quot;:&quot;classic&quot;}\">\n\t\t\t\t\t\t<div class=\"elementor-container elementor-column-gap-wider\">\n\t\t\t\t\t<div class=\"elementor-column elementor-col-33 elementor-top-column elementor-element elementor-element-025fb5a\" data-id=\"025fb5a\" data-element_type=\"column\">\n\t\t\t<div class=\"elementor-widget-wrap elementor-element-populated\">\n\t\t\t\t\t\t\t\t<div class=\"elementor-element elementor-element-5cec5e8 elementor-widget elementor-widget-image\" data-id=\"5cec5e8\" data-element_type=\"widget\" data-widget_type=\"image.default\">\n\t\t\t\t<div class=\"elementor-widget-container\">\n\t\t\t\t\t\t\t\t\t\t\t\t\t\t\t<img loading=\"lazy\" decoding=\"async\" width=\"964\" height=\"693\" src=\"https:\/\/fcctarragona.com\/wp-content\/uploads\/2024\/09\/President-foto-nova.jpg\" class=\"attachment-full size-full\" alt=\"\" srcset=\"https:\/\/fcctarragona.com\/wp-content\/uploads\/2024\/09\/President-foto-nova.jpg 964w, https:\/\/fcctarragona.com\/wp-content\/uploads\/2024\/09\/President-foto-nova-300x216.jpg 300w, https:\/\/fcctarragona.com\/wp-content\/uploads\/2024\/09\/President-foto-nova-768x552.jpg 768w\" sizes=\"auto, (max-width: 964px) 100vw, 964px\" \/>\t\t\t\t\t\t\t\t\t\t\t\t\t\t\t<\/div>\n\t\t\t\t<\/div>\n\t\t\t\t<div class=\"elementor-element elementor-element-36437af elementor-widget elementor-widget-text-editor\" data-id=\"36437af\" data-element_type=\"widget\" data-widget_type=\"text-editor.default\">\n\t\t\t\t<div class=\"elementor-widget-container\">\n\t\t\t\t\t\t\t\t\t\t\t\t\t<\/div>\n\t\t\t\t<\/div>\n\t\t\t\t\t<\/div>\n\t\t<\/div>\n\t\t\t\t<div class=\"elementor-column elementor-col-66 elementor-top-column elementor-element elementor-element-3b867f6\" data-id=\"3b867f6\" data-element_type=\"column\">\n\t\t\t<div class=\"elementor-widget-wrap elementor-element-populated\">\n\t\t\t\t\t\t\t\t<div class=\"elementor-element elementor-element-cee3335 elementor-widget elementor-widget-heading\" data-id=\"cee3335\" data-element_type=\"widget\" data-widget_type=\"heading.default\">\n\t\t\t\t<div class=\"elementor-widget-container\">\n\t\t\t<h2 class=\"elementor-heading-title elementor-size-default\">Presentaci\u00f3 Federaci\u00f3 de ca\u00e7a de Tarragona<\/h2>\t\t<\/div>\n\t\t\t\t<\/div>\n\t\t\t\t<div class=\"elementor-element elementor-element-be8914c elementor-widget elementor-widget-heading\" data-id=\"be8914c\" data-element_type=\"widget\" data-widget_type=\"heading.default\">\n\t\t\t\t<div class=\"elementor-widget-container\">\n\t\t\t<h3 class=\"elementor-heading-title elementor-size-default\">- &nbsp;Joaquim Vidal<\/h3>\t\t<\/div>\n\t\t\t\t<\/div>\n\t\t\t\t<div class=\"elementor-element elementor-element-e29df18 elementor-widget elementor-widget-text-editor\" data-id=\"e29df18\" data-element_type=\"widget\" data-widget_type=\"text-editor.default\">\n\t\t\t\t<div class=\"elementor-widget-container\">\n\t\t\t\t\t\t\t<p>Benvolguts ca\u00e7adors\/es federats\/es del Camp de Tarragona, en les passades eleccions a la Representaci\u00f3 Territorial de la Federaci\u00f3 Catalana de ca\u00e7a de Tarragona, novament he resultat elegit President. No dubteu que el nou equip treballarem pel col.lectiu i la nostra activitat, tal com venim fent en les altres edicions.<\/p>\n<p>Aquest any passat, novament va comen\u00e7ar el proc\u00e8s participatiu per l&#8217;elaboraci\u00f3 de la futura llei d&#8217;activitats cineg\u00e8tiques de Catalunya. \u00c9s la cinquena vegada que n&#8217;he sentit parlar. La premissa principal, es a dir, el primer punt de partida, \u00e9s recordar que la ca\u00e7a forma part del sector primari i molt m\u00e9s important, que es desenvolupa en propietats privades, ja que el 87% de territori catal\u00e0, te amo.<\/p>\n<p>D&#8217;altre banda, la pol\u00edtica ha donat un gir canviant de color. Veurem de quin caire bufaran els vents cap a l&#8217;activitat cineg\u00e8tica.<\/p>\n<p>Sabeu que em teniu a la vostra disposici\u00f3, aix\u00ed mateix tots els membre de la Territorial, el servei jur\u00eddic i les companyes de l&#8217;administraci\u00f3.<\/p>\n<p>Sobretot, caceu amb responsabilitat.<\/p>\n<p><strong>Salutacions<\/strong><\/p>\t\t\t\t\t\t<\/div>\n\t\t\t\t<\/div>\n\t\t\t\t<div class=\"elementor-element elementor-element-2979b5a elementor-align-center elementor-tablet-align-left elementor-widget elementor-widget-button\" data-id=\"2979b5a\" data-element_type=\"widget\" data-widget_type=\"button.default\">\n\t\t\t\t<div class=\"elementor-widget-container\">\n\t\t\t\t\t<div class=\"elementor-button-wrapper\">\n\t\t\t<a href=\"https:\/\/fcctarragona.com\/index.php\/per-que-federar-se\/\" class=\"elementor-button-link elementor-button elementor-size-sm\" role=\"button\">\n\t\t\t\t\t\t<span class=\"elementor-button-content-wrapper\">\n\t\t\t\t\t\t<span class=\"elementor-button-icon elementor-align-icon-left\">\n\t\t\t\t<i aria-hidden=\"true\" class=\"fas fa-ticket-alt\"><\/i>\t\t\t<\/span>\n\t\t\t\t\t\t<span class=\"elementor-button-text\">\u00bfPER QUE FEDERAR-SE?<\/span>\n\t\t<\/span>\n\t\t\t\t\t<\/a>\n\t\t<\/div>\n\t\t\t\t<\/div>\n\t\t\t\t<\/div>\n\t\t\t\t\t<\/div>\n\t\t<\/div>\n\t\t\t\t\t\t\t<\/div>\n\t\t<\/section>\n\t\t\t\t<section class=\"elementor-section elementor-top-section elementor-element elementor-element-522ad664 elementor-section-content-middle elementor-section-boxed elementor-section-height-default elementor-section-height-default\" data-id=\"522ad664\" data-element_type=\"section\" data-settings=\"{&quot;background_background&quot;:&quot;classic&quot;}\">\n\t\t\t\t\t\t\t<div class=\"elementor-background-overlay\"><\/div>\n\t\t\t\t\t\t\t<div class=\"elementor-container elementor-column-gap-wider\">\n\t\t\t\t\t<div class=\"elementor-column elementor-col-100 elementor-top-column elementor-element elementor-element-400d7e54\" data-id=\"400d7e54\" data-element_type=\"column\">\n\t\t\t<div class=\"elementor-widget-wrap elementor-element-populated\">\n\t\t\t\t\t\t\t\t<div class=\"elementor-element elementor-element-47b4c51b elementor-widget elementor-widget-heading\" data-id=\"47b4c51b\" data-element_type=\"widget\" data-widget_type=\"heading.default\">\n\t\t\t\t<div class=\"elementor-widget-container\">\n\t\t\t<h2 class=\"elementor-heading-title elementor-size-default\">QUI SOM ?\n<\/h2>\t\t<\/div>\n\t\t\t\t<\/div>\n\t\t\t\t<div class=\"elementor-element elementor-element-311f3918 elementor-widget elementor-widget-text-editor\" data-id=\"311f3918\" data-element_type=\"widget\" data-widget_type=\"text-editor.default\">\n\t\t\t\t<div class=\"elementor-widget-container\">\n\t\t\t\t\t\t\t<p>La Federaci\u00f3 es un \u00f2rgan independent constitu\u00eft per llei que vetlla pels interessos dels seus afiliats davant l\u2019administraci\u00f3 i els grups radicals contraris a la nostra activitat. Intenta explicar a la societat en que consisteix el joc biol\u00f2gic de la fauna silvestre i quin es el nostre paper com agents reguladors.<\/p><p><img loading=\"lazy\" decoding=\"async\" class=\"aligncenter size-large wp-image-3363\" src=\"http:\/\/fcctarragona.com\/wp-content\/uploads\/2024\/09\/JUNTA2024-1024x506.jpg\" alt=\"\" width=\"1024\" height=\"506\" srcset=\"https:\/\/fcctarragona.com\/wp-content\/uploads\/2024\/09\/JUNTA2024-1024x506.jpg 1024w, https:\/\/fcctarragona.com\/wp-content\/uploads\/2024\/09\/JUNTA2024-300x148.jpg 300w, https:\/\/fcctarragona.com\/wp-content\/uploads\/2024\/09\/JUNTA2024-768x379.jpg 768w, https:\/\/fcctarragona.com\/wp-content\/uploads\/2024\/09\/JUNTA2024-1536x758.jpg 1536w, https:\/\/fcctarragona.com\/wp-content\/uploads\/2024\/09\/JUNTA2024.jpg 1600w\" sizes=\"auto, (max-width: 1024px) 100vw, 1024px\" \/><\/p><p>\u00a0<\/p>\t\t\t\t\t\t<\/div>\n\t\t\t\t<\/div>\n\t\t\t\t\t<\/div>\n\t\t<\/div>\n\t\t\t\t\t\t\t<\/div>\n\t\t<\/section>\n\t\t\t\t<section class=\"elementor-section elementor-top-section elementor-element elementor-element-f6c9568 elementor-section-boxed elementor-section-height-default elementor-section-height-default\" data-id=\"f6c9568\" data-element_type=\"section\" data-settings=\"{&quot;background_background&quot;:&quot;classic&quot;}\">\n\t\t\t\t\t\t\t<div class=\"elementor-background-overlay\"><\/div>\n\t\t\t\t\t\t\t<div class=\"elementor-container elementor-column-gap-default\">\n\t\t\t\t\t<div class=\"elementor-column elementor-col-100 elementor-top-column elementor-element elementor-element-414289b\" data-id=\"414289b\" data-element_type=\"column\">\n\t\t\t<div class=\"elementor-widget-wrap elementor-element-populated\">\n\t\t\t\t\t\t\t\t<div class=\"elementor-element elementor-element-96985a5 elementor-widget elementor-widget-spacer\" data-id=\"96985a5\" data-element_type=\"widget\" data-widget_type=\"spacer.default\">\n\t\t\t\t<div class=\"elementor-widget-container\">\n\t\t\t\t\t<div class=\"elementor-spacer\">\n\t\t\t<div class=\"elementor-spacer-inner\"><\/div>\n\t\t<\/div>\n\t\t\t\t<\/div>\n\t\t\t\t<\/div>\n\t\t\t\t\t<\/div>\n\t\t<\/div>\n\t\t\t\t\t\t\t<\/div>\n\t\t<\/section>\n\t\t\t\t<section class=\"elementor-section elementor-top-section elementor-element elementor-element-101f027 elementor-section-boxed elementor-section-height-default elementor-section-height-default\" data-id=\"101f027\" data-element_type=\"section\">\n\t\t\t\t\t\t<div class=\"elementor-container elementor-column-gap-default\">\n\t\t\t\t\t<div class=\"elementor-column elementor-col-100 elementor-top-column elementor-element elementor-element-0afd14e\" data-id=\"0afd14e\" data-element_type=\"column\">\n\t\t\t<div class=\"elementor-widget-wrap elementor-element-populated\">\n\t\t\t\t\t\t\t\t<div class=\"elementor-element elementor-element-6ccdd4e elementor-widget elementor-widget-spacer\" data-id=\"6ccdd4e\" data-element_type=\"widget\" data-widget_type=\"spacer.default\">\n\t\t\t\t<div class=\"elementor-widget-container\">\n\t\t\t\t\t<div class=\"elementor-spacer\">\n\t\t\t<div class=\"elementor-spacer-inner\"><\/div>\n\t\t<\/div>\n\t\t\t\t<\/div>\n\t\t\t\t<\/div>\n\t\t\t\t\t<\/div>\n\t\t<\/div>\n\t\t\t\t\t\t\t<\/div>\n\t\t<\/section>\n\t\t\t\t<section class=\"elementor-section elementor-top-section elementor-element elementor-element-c77acb3 elementor-section-boxed elementor-section-height-default elementor-section-height-default\" data-id=\"c77acb3\" data-element_type=\"section\">\n\t\t\t\t\t\t<div class=\"elementor-container elementor-column-gap-default\">\n\t\t\t\t\t<div class=\"elementor-column elementor-col-100 elementor-top-column elementor-element elementor-element-eb9476e\" data-id=\"eb9476e\" data-element_type=\"column\">\n\t\t\t<div class=\"elementor-widget-wrap elementor-element-populated\">\n\t\t\t\t\t\t\t\t<div class=\"elementor-element elementor-element-0b29024 elementor-widget elementor-widget-heading\" data-id=\"0b29024\" data-element_type=\"widget\" data-widget_type=\"heading.default\">\n\t\t\t\t<div class=\"elementor-widget-container\">\n\t\t\t<h2 class=\"elementor-heading-title elementor-size-default\">Publicitat<\/h2>\t\t<\/div>\n\t\t\t\t<\/div>\n\t\t\t\t\t<\/div>\n\t\t<\/div>\n\t\t\t\t\t\t\t<\/div>\n\t\t<\/section>\n\t\t\t\t<section class=\"elementor-section elementor-top-section elementor-element elementor-element-069a5f5 elementor-section-boxed elementor-section-height-default elementor-section-height-default\" data-id=\"069a5f5\" data-element_type=\"section\">\n\t\t\t\t\t\t<div class=\"elementor-container elementor-column-gap-default\">\n\t\t\t\t\t<div class=\"elementor-column elementor-col-100 elementor-top-column elementor-element elementor-element-f2ce930\" data-id=\"f2ce930\" data-element_type=\"column\">\n\t\t\t<div class=\"elementor-widget-wrap elementor-element-populated\">\n\t\t\t\t\t\t\t\t<div class=\"elementor-element elementor-element-1bfe01d elementor-widget elementor-widget-spacer\" data-id=\"1bfe01d\" data-element_type=\"widget\" data-widget_type=\"spacer.default\">\n\t\t\t\t<div class=\"elementor-widget-container\">\n\t\t\t\t\t<div class=\"elementor-spacer\">\n\t\t\t<div class=\"elementor-spacer-inner\"><\/div>\n\t\t<\/div>\n\t\t\t\t<\/div>\n\t\t\t\t<\/div>\n\t\t\t\t\t<\/div>\n\t\t<\/div>\n\t\t\t\t\t\t\t<\/div>\n\t\t<\/section>\n\t\t\t\t<section class=\"elementor-section elementor-inner-section elementor-element elementor-element-320edf14 elementor-section-boxed elementor-section-height-default elementor-section-height-default\" data-id=\"320edf14\" data-element_type=\"section\">\n\t\t\t\t\t\t<div class=\"elementor-container elementor-column-gap-default\">\n\t\t\t\t\t<div class=\"elementor-column elementor-col-25 elementor-inner-column elementor-element elementor-element-da62672\" data-id=\"da62672\" data-element_type=\"column\">\n\t\t\t<div class=\"elementor-widget-wrap elementor-element-populated\">\n\t\t\t\t\t\t\t\t<div class=\"elementor-element elementor-element-471dc20 elementor-widget elementor-widget-image\" data-id=\"471dc20\" data-element_type=\"widget\" data-widget_type=\"image.default\">\n\t\t\t\t<div class=\"elementor-widget-container\">\n\t\t\t\t\t\t\t\t\t\t\t\t\t\t\t\t<a href=\"https:\/\/armeriaferre.es\/\">\n\t\t\t\t\t\t\t<img loading=\"lazy\" decoding=\"async\" width=\"250\" height=\"106\" src=\"https:\/\/fcctarragona.com\/wp-content\/uploads\/2021\/09\/my-shop-logo-1547140882.png\" class=\"attachment-large size-large\" alt=\"\" \/>\t\t\t\t\t\t\t\t<\/a>\n\t\t\t\t\t\t\t\t\t\t\t\t\t\t\t<\/div>\n\t\t\t\t<\/div>\n\t\t\t\t<div class=\"elementor-element elementor-element-2019438 elementor-widget elementor-widget-heading\" data-id=\"2019438\" data-element_type=\"widget\" data-widget_type=\"heading.default\">\n\t\t\t\t<div class=\"elementor-widget-container\">\n\t\t\t<h3 class=\"elementor-heading-title elementor-size-default\"><a href=\"https:\/\/armeriaferre.es\/\">ARMERIA FERR\u00c9<\/a><\/h3>\t\t<\/div>\n\t\t\t\t<\/div>\n\t\t\t\t<div class=\"elementor-element elementor-element-7ad572c elementor-widget elementor-widget-text-editor\" data-id=\"7ad572c\" data-element_type=\"widget\" data-widget_type=\"text-editor.default\">\n\t\t\t\t<div class=\"elementor-widget-container\">\n\t\t\t\t\t\t\t<p>C\/ Alcalde Palau, 27-29 43870 Amposta (Tarragona)\u00a0<br \/><span style=\"font-style: inherit; font-weight: inherit;\">Telf: 619 30 12 72<\/span><\/p><p>C\/ Sabadell n\u00ba 28 Pol. Dyna 43206 Reus (Tarragona)<br \/><span style=\"font-style: inherit; font-weight: inherit;\">Telf: 977.34.22.54<\/span><\/p>\t\t\t\t\t\t<\/div>\n\t\t\t\t<\/div>\n\t\t\t\t\t<\/div>\n\t\t<\/div>\n\t\t\t\t<div class=\"elementor-column elementor-col-25 elementor-inner-column elementor-element elementor-element-472ddd21\" data-id=\"472ddd21\" data-element_type=\"column\">\n\t\t\t<div class=\"elementor-widget-wrap elementor-element-populated\">\n\t\t\t\t\t\t\t\t<div class=\"elementor-element elementor-element-1792d9f elementor-widget elementor-widget-image\" data-id=\"1792d9f\" data-element_type=\"widget\" data-widget_type=\"image.default\">\n\t\t\t\t<div class=\"elementor-widget-container\">\n\t\t\t\t\t\t\t\t\t\t\t\t\t\t\t\t<a href=\"http:\/\/www.armeriatoscanoconde.com\/\">\n\t\t\t\t\t\t\t<img loading=\"lazy\" decoding=\"async\" width=\"300\" height=\"120\" src=\"https:\/\/fcctarragona.com\/wp-content\/uploads\/2021\/09\/armeria-toscano-conde-logo-1432289733.jpg\" class=\"attachment-large size-large\" alt=\"\" \/>\t\t\t\t\t\t\t\t<\/a>\n\t\t\t\t\t\t\t\t\t\t\t\t\t\t\t<\/div>\n\t\t\t\t<\/div>\n\t\t\t\t<div class=\"elementor-element elementor-element-a944e8f elementor-widget elementor-widget-heading\" data-id=\"a944e8f\" data-element_type=\"widget\" data-widget_type=\"heading.default\">\n\t\t\t\t<div class=\"elementor-widget-container\">\n\t\t\t<h3 class=\"elementor-heading-title elementor-size-default\"><a href=\"http:\/\/www.armeriatoscanoconde.com\/\">ARMERIA TOSCANO<\/a><\/h3>\t\t<\/div>\n\t\t\t\t<\/div>\n\t\t\t\t<div class=\"elementor-element elementor-element-8c6445e elementor-widget elementor-widget-text-editor\" data-id=\"8c6445e\" data-element_type=\"widget\" data-widget_type=\"text-editor.default\">\n\t\t\t\t<div class=\"elementor-widget-container\">\n\t\t\t\t\t\t\t<p><span style=\"text-align: center; white-space: pre-wrap;\">Bloque San Lucas, <br \/>Escalera H, Bajos 2, 43007 <\/span><br style=\"text-align: center; white-space: pre-wrap;\" \/><span style=\"text-align: center; white-space: pre-wrap;\">Tarragona. <\/span><\/p><p><span style=\"text-align: center; white-space: pre-wrap;\">Tel: 977 202 683<\/span><\/p>\t\t\t\t\t\t<\/div>\n\t\t\t\t<\/div>\n\t\t\t\t\t<\/div>\n\t\t<\/div>\n\t\t\t\t<div class=\"elementor-column elementor-col-25 elementor-inner-column elementor-element elementor-element-6826559f\" data-id=\"6826559f\" data-element_type=\"column\">\n\t\t\t<div class=\"elementor-widget-wrap elementor-element-populated\">\n\t\t\t\t\t\t\t\t<div class=\"elementor-element elementor-element-c2581f7 elementor-widget elementor-widget-image\" data-id=\"c2581f7\" data-element_type=\"widget\" data-widget_type=\"image.default\">\n\t\t\t\t<div class=\"elementor-widget-container\">\n\t\t\t\t\t\t\t\t\t\t\t\t\t\t\t\t<a href=\"https:\/\/josegodoy.allianz.es\/\">\n\t\t\t\t\t\t\t<img loading=\"lazy\" decoding=\"async\" width=\"250\" height=\"135\" src=\"https:\/\/fcctarragona.com\/wp-content\/uploads\/2021\/09\/unnamed-1.jpg\" class=\"attachment-large size-large\" alt=\"\" \/>\t\t\t\t\t\t\t\t<\/a>\n\t\t\t\t\t\t\t\t\t\t\t\t\t\t\t<\/div>\n\t\t\t\t<\/div>\n\t\t\t\t<div class=\"elementor-element elementor-element-75591a6 elementor-widget elementor-widget-heading\" data-id=\"75591a6\" data-element_type=\"widget\" data-widget_type=\"heading.default\">\n\t\t\t\t<div class=\"elementor-widget-container\">\n\t\t\t<h3 class=\"elementor-heading-title elementor-size-default\"><a href=\"https:\/\/josegodoy.allianz.es\/\">GODOY Y CORAL<\/a><\/h3>\t\t<\/div>\n\t\t\t\t<\/div>\n\t\t\t\t<div class=\"elementor-element elementor-element-9466b2c elementor-widget elementor-widget-text-editor\" data-id=\"9466b2c\" data-element_type=\"widget\" data-widget_type=\"text-editor.default\">\n\t\t\t\t<div class=\"elementor-widget-container\">\n\t\t\t\t\t\t\t<p><span style=\"white-space: pre-wrap; font-style: inherit; font-weight: inherit;\">C\/ Cor de Maria, 1 baixos 43800 Valls (Tarragona)<\/span><\/p><p><span style=\"white-space: pre-wrap;\">Tel: 977 61 33 21 &#8211; <br \/><\/span><span style=\"white-space: pre-wrap;\">685 50 44 27 <br \/><\/span><span style=\"white-space: pre-wrap;\">Email: <\/span><span id=\"cloak65c2e1faa1537b7a63778ae603012ace\"><a href=\"mailto:jose.godoy@allianzmed.es\">jose.godoy@allianzmed.es<\/a><\/span>\u00a0\u00a0<\/p>\t\t\t\t\t\t<\/div>\n\t\t\t\t<\/div>\n\t\t\t\t\t<\/div>\n\t\t<\/div>\n\t\t\t\t<div class=\"elementor-column elementor-col-25 elementor-inner-column elementor-element elementor-element-6968a127\" data-id=\"6968a127\" data-element_type=\"column\">\n\t\t\t<div class=\"elementor-widget-wrap elementor-element-populated\">\n\t\t\t\t\t\t\t\t<div class=\"elementor-element elementor-element-5276d29 elementor-widget elementor-widget-image\" data-id=\"5276d29\" data-element_type=\"widget\" data-widget_type=\"image.default\">\n\t\t\t\t<div class=\"elementor-widget-container\">\n\t\t\t\t\t\t\t\t\t\t\t\t\t\t\t\t<a href=\"https:\/\/www.certificadoscentremedicroma.com\/es\/\">\n\t\t\t\t\t\t\t<img loading=\"lazy\" decoding=\"async\" width=\"120\" height=\"100\" src=\"https:\/\/fcctarragona.com\/wp-content\/uploads\/2021\/09\/centre-medic-roma.png\" class=\"attachment-large size-large\" alt=\"\" \/>\t\t\t\t\t\t\t\t<\/a>\n\t\t\t\t\t\t\t\t\t\t\t\t\t\t\t<\/div>\n\t\t\t\t<\/div>\n\t\t\t\t<div class=\"elementor-element elementor-element-1fd8bcc elementor-widget elementor-widget-heading\" data-id=\"1fd8bcc\" data-element_type=\"widget\" data-widget_type=\"heading.default\">\n\t\t\t\t<div class=\"elementor-widget-container\">\n\t\t\t<h3 class=\"elementor-heading-title elementor-size-default\"><a href=\"https:\/\/www.certificadoscentremedicroma.com\/es\/\">CENTRO M\u00c9DICO ROMA<\/a><\/h3>\t\t<\/div>\n\t\t\t\t<\/div>\n\t\t\t\t<div class=\"elementor-element elementor-element-478bc53 elementor-widget elementor-widget-text-editor\" data-id=\"478bc53\" data-element_type=\"widget\" data-widget_type=\"text-editor.default\">\n\t\t\t\t<div class=\"elementor-widget-container\">\n\t\t\t\t\t\t\t<p><span style=\"white-space: pre-wrap;\">Plaza Alcalde Lloret, 1 43005 Tarragona<br \/><br \/><\/span><span style=\"white-space: pre-wrap;\"> Tel: 977.23.55.77 \/ 629.25.23.24<\/span>.<\/p>\t\t\t\t\t\t<\/div>\n\t\t\t\t<\/div>\n\t\t\t\t\t<\/div>\n\t\t<\/div>\n\t\t\t\t\t\t\t<\/div>\n\t\t<\/section>\n\t\t\t\t<section class=\"elementor-section elementor-inner-section elementor-element elementor-element-1d10629 elementor-section-boxed elementor-section-height-default elementor-section-height-default\" data-id=\"1d10629\" data-element_type=\"section\">\n\t\t\t\t\t\t<div class=\"elementor-container elementor-column-gap-default\">\n\t\t\t\t\t<div class=\"elementor-column elementor-col-33 elementor-inner-column elementor-element elementor-element-3e0442e\" data-id=\"3e0442e\" data-element_type=\"column\">\n\t\t\t<div class=\"elementor-widget-wrap elementor-element-populated\">\n\t\t\t\t\t\t\t\t<div class=\"elementor-element elementor-element-6ad689d elementor-widget elementor-widget-image\" data-id=\"6ad689d\" data-element_type=\"widget\" data-widget_type=\"image.default\">\n\t\t\t\t<div class=\"elementor-widget-container\">\n\t\t\t\t\t\t\t\t\t\t\t\t\t\t\t\t<a href=\"https:\/\/armeriaprieto.com\/\">\n\t\t\t\t\t\t\t<img loading=\"lazy\" decoding=\"async\" width=\"698\" height=\"241\" src=\"https:\/\/fcctarragona.com\/wp-content\/uploads\/2021\/09\/Logo-Armeria-Prieto-web9eaf35f3cc.png\" class=\"attachment-large size-large\" alt=\"\" srcset=\"https:\/\/fcctarragona.com\/wp-content\/uploads\/2021\/09\/Logo-Armeria-Prieto-web9eaf35f3cc.png 698w, https:\/\/fcctarragona.com\/wp-content\/uploads\/2021\/09\/Logo-Armeria-Prieto-web9eaf35f3cc-300x104.png 300w\" sizes=\"auto, (max-width: 698px) 100vw, 698px\" \/>\t\t\t\t\t\t\t\t<\/a>\n\t\t\t\t\t\t\t\t\t\t\t\t\t\t\t<\/div>\n\t\t\t\t<\/div>\n\t\t\t\t<div class=\"elementor-element elementor-element-3723e27 elementor-widget elementor-widget-heading\" data-id=\"3723e27\" data-element_type=\"widget\" data-widget_type=\"heading.default\">\n\t\t\t\t<div class=\"elementor-widget-container\">\n\t\t\t<h3 class=\"elementor-heading-title elementor-size-default\"><a href=\"https:\/\/armeriaprieto.com\/\">ARMER\u00cdA PRIETO<\/a><\/h3>\t\t<\/div>\n\t\t\t\t<\/div>\n\t\t\t\t<div class=\"elementor-element elementor-element-3b987ed elementor-widget elementor-widget-text-editor\" data-id=\"3b987ed\" data-element_type=\"widget\" data-widget_type=\"text-editor.default\">\n\t\t\t\t<div class=\"elementor-widget-container\">\n\t\t\t\t\t\t\t<p><span style=\"white-space: pre-wrap;\">Calle Violant d\u00b4Hongria, 30, Bajos 43007 Tarragona<\/span><\/p><p><span style=\"white-space: pre-wrap;\"> Telf: 977 203 450<\/span><\/p>\t\t\t\t\t\t<\/div>\n\t\t\t\t<\/div>\n\t\t\t\t\t<\/div>\n\t\t<\/div>\n\t\t\t\t<div class=\"elementor-column elementor-col-33 elementor-inner-column elementor-element elementor-element-3855f14\" data-id=\"3855f14\" data-element_type=\"column\">\n\t\t\t<div class=\"elementor-widget-wrap elementor-element-populated\">\n\t\t\t\t\t\t\t\t<div class=\"elementor-element elementor-element-85ad5b4 elementor-widget elementor-widget-image\" data-id=\"85ad5b4\" data-element_type=\"widget\" data-widget_type=\"image.default\">\n\t\t\t\t<div class=\"elementor-widget-container\">\n\t\t\t\t\t\t\t\t\t\t\t\t\t\t\t<img loading=\"lazy\" decoding=\"async\" width=\"250\" height=\"175\" src=\"https:\/\/fcctarragona.com\/wp-content\/uploads\/2021\/09\/unnamed-1-1.jpg\" class=\"attachment-large size-large\" alt=\"\" \/>\t\t\t\t\t\t\t\t\t\t\t\t\t\t\t<\/div>\n\t\t\t\t<\/div>\n\t\t\t\t<div class=\"elementor-element elementor-element-6324cf9 elementor-widget elementor-widget-heading\" data-id=\"6324cf9\" data-element_type=\"widget\" data-widget_type=\"heading.default\">\n\t\t\t\t<div class=\"elementor-widget-container\">\n\t\t\t<h3 class=\"elementor-heading-title elementor-size-default\">COTO EL CODONY<\/h3>\t\t<\/div>\n\t\t\t\t<\/div>\n\t\t\t\t<div class=\"elementor-element elementor-element-651cbcc elementor-widget elementor-widget-text-editor\" data-id=\"651cbcc\" data-element_type=\"widget\" data-widget_type=\"text-editor.default\">\n\t\t\t\t<div class=\"elementor-widget-container\">\n\t\t\t\t\t\t\t<p><span style=\"white-space: pre-wrap; font-style: inherit; font-weight: inherit;\">Camino de Santa Coloma de Queralt a Conesa <\/span><\/p><p><span style=\"white-space: pre-wrap;\">Coordenades: <\/span><a href=\"https:\/\/www.google.es\/maps\/place\/41%C2%B031'23.6%22N+1%C2%B019'54.9%22E\/@41.52323,1.3297183,17z\/data=!3m1!4b1!4m5!3m4!1s0x0:0x0!8m2!3d41.52323!4d1.331907?hl=ca\">41.52323,1.33190<\/a><\/p><p><span style=\"white-space: pre-wrap;\">Tel: 608-490517 \/ 722-241092<br \/><\/span><span style=\"white-space: pre-wrap;\">Email: <\/span><a href=\"mailto:info@cotoelcodony.com\">info@cotoelcodony.com<\/a><\/p>\t\t\t\t\t\t<\/div>\n\t\t\t\t<\/div>\n\t\t\t\t\t<\/div>\n\t\t<\/div>\n\t\t\t\t<div class=\"elementor-column elementor-col-33 elementor-inner-column elementor-element elementor-element-d5bd8e8\" data-id=\"d5bd8e8\" data-element_type=\"column\">\n\t\t\t<div class=\"elementor-widget-wrap elementor-element-populated\">\n\t\t\t\t\t\t\t\t<div class=\"elementor-element elementor-element-d5553a7 elementor-widget elementor-widget-image\" data-id=\"d5553a7\" data-element_type=\"widget\" data-widget_type=\"image.default\">\n\t\t\t\t<div class=\"elementor-widget-container\">\n\t\t\t\t\t\t\t\t\t\t\t\t\t\t\t\t<a href=\"https:\/\/www.cotopons.net\/\">\n\t\t\t\t\t\t\t<img loading=\"lazy\" decoding=\"async\" width=\"512\" height=\"512\" src=\"https:\/\/fcctarragona.com\/wp-content\/uploads\/2021\/09\/icono-web.png\" class=\"attachment-large size-large\" alt=\"\" srcset=\"https:\/\/fcctarragona.com\/wp-content\/uploads\/2021\/09\/icono-web.png 512w, https:\/\/fcctarragona.com\/wp-content\/uploads\/2021\/09\/icono-web-300x300.png 300w, https:\/\/fcctarragona.com\/wp-content\/uploads\/2021\/09\/icono-web-150x150.png 150w\" sizes=\"auto, (max-width: 512px) 100vw, 512px\" \/>\t\t\t\t\t\t\t\t<\/a>\n\t\t\t\t\t\t\t\t\t\t\t\t\t\t\t<\/div>\n\t\t\t\t<\/div>\n\t\t\t\t<div class=\"elementor-element elementor-element-1bde4cb elementor-widget elementor-widget-heading\" data-id=\"1bde4cb\" data-element_type=\"widget\" data-widget_type=\"heading.default\">\n\t\t\t\t<div class=\"elementor-widget-container\">\n\t\t\t<h3 class=\"elementor-heading-title elementor-size-default\"><a href=\"https:\/\/www.cotopons.net\/\">COTO PONS<\/a><\/h3>\t\t<\/div>\n\t\t\t\t<\/div>\n\t\t\t\t<div class=\"elementor-element elementor-element-972856f elementor-widget elementor-widget-text-editor\" data-id=\"972856f\" data-element_type=\"widget\" data-widget_type=\"text-editor.default\">\n\t\t\t\t<div class=\"elementor-widget-container\">\n\t\t\t\t\t\t\t<p><span style=\"white-space: pre-wrap;\">Carretera N-340 KM. 219 L&#8217;Ametlla de Mar (Tarragona) <\/span><br style=\"white-space: pre-wrap;\" \/><span style=\"white-space: pre-wrap;\">Tel: 627 12 28 99 <\/span><\/p><p><span style=\"white-space: pre-wrap;\"><a href=\"https:\/\/www.cotopons.net\/\">web:\u00a0 cotopons.net<\/a><\/span><\/p>\t\t\t\t\t\t<\/div>\n\t\t\t\t<\/div>\n\t\t\t\t\t<\/div>\n\t\t<\/div>\n\t\t\t\t\t\t\t<\/div>\n\t\t<\/section>\n\t\t\t\t<section class=\"elementor-section elementor-inner-section elementor-element elementor-element-7c45371 elementor-section-boxed elementor-section-height-default elementor-section-height-default\" data-id=\"7c45371\" data-element_type=\"section\">\n\t\t\t\t\t\t<div class=\"elementor-container elementor-column-gap-default\">\n\t\t\t\t\t<div class=\"elementor-column elementor-col-33 elementor-inner-column elementor-element elementor-element-7ec8939\" data-id=\"7ec8939\" data-element_type=\"column\">\n\t\t\t<div class=\"elementor-widget-wrap elementor-element-populated\">\n\t\t\t\t\t\t\t\t<div class=\"elementor-element elementor-element-058abe8 elementor-widget elementor-widget-heading\" data-id=\"058abe8\" data-element_type=\"widget\" data-widget_type=\"heading.default\">\n\t\t\t\t<div class=\"elementor-widget-container\">\n\t\t\t<h3 class=\"elementor-heading-title elementor-size-default\"><a href=\"https:\/\/armeriaprieto.com\/\">ALT CAMP VETERINARIS<\/a><\/h3>\t\t<\/div>\n\t\t\t\t<\/div>\n\t\t\t\t<div class=\"elementor-element elementor-element-3c711a7 elementor-widget elementor-widget-image\" data-id=\"3c711a7\" data-element_type=\"widget\" data-widget_type=\"image.default\">\n\t\t\t\t<div class=\"elementor-widget-container\">\n\t\t\t\t\t\t\t\t\t\t\t\t\t\t\t\t<a href=\"https:\/\/armeriaprieto.com\/\">\n\t\t\t\t\t\t\t<img loading=\"lazy\" decoding=\"async\" width=\"225\" height=\"225\" src=\"https:\/\/fcctarragona.com\/wp-content\/uploads\/2024\/05\/alt-camp-veterinaris.jpg\" class=\"attachment-large size-large\" alt=\"\" srcset=\"https:\/\/fcctarragona.com\/wp-content\/uploads\/2024\/05\/alt-camp-veterinaris.jpg 225w, https:\/\/fcctarragona.com\/wp-content\/uploads\/2024\/05\/alt-camp-veterinaris-150x150.jpg 150w\" sizes=\"auto, (max-width: 225px) 100vw, 225px\" \/>\t\t\t\t\t\t\t\t<\/a>\n\t\t\t\t\t\t\t\t\t\t\t\t\t\t\t<\/div>\n\t\t\t\t<\/div>\n\t\t\t\t<div class=\"elementor-element elementor-element-fb21058 elementor-widget elementor-widget-text-editor\" data-id=\"fb21058\" data-element_type=\"widget\" data-widget_type=\"text-editor.default\">\n\t\t\t\t<div class=\"elementor-widget-container\">\n\t\t\t\t\t\t\t<p><span style=\"white-space: pre-wrap;\">C\/ Vallvera n\u00fam. 6 43800 Valls (Tarragona)<br \/><\/span><span style=\"white-space: pre-wrap;\"> Telf: 977 60 61 60<\/span><\/p><p>Email:\u00a0<a href=\"altcampv@tinet.org\">altcampv@tinet.org<\/a><\/p>\t\t\t\t\t\t<\/div>\n\t\t\t\t<\/div>\n\t\t\t\t\t<\/div>\n\t\t<\/div>\n\t\t\t\t<div class=\"elementor-column elementor-col-33 elementor-inner-column elementor-element elementor-element-5613175\" data-id=\"5613175\" data-element_type=\"column\">\n\t\t\t<div class=\"elementor-widget-wrap elementor-element-populated\">\n\t\t\t\t\t\t\t\t<div class=\"elementor-element elementor-element-29b401b elementor-widget elementor-widget-heading\" data-id=\"29b401b\" data-element_type=\"widget\" data-widget_type=\"heading.default\">\n\t\t\t\t<div class=\"elementor-widget-container\">\n\t\t\t<h3 class=\"elementor-heading-title elementor-size-default\">FOREVENTS C\u00c0TERING<\/h3>\t\t<\/div>\n\t\t\t\t<\/div>\n\t\t\t\t<div class=\"elementor-element elementor-element-b6b3a82 elementor-widget elementor-widget-image\" data-id=\"b6b3a82\" data-element_type=\"widget\" data-widget_type=\"image.default\">\n\t\t\t\t<div class=\"elementor-widget-container\">\n\t\t\t\t\t\t\t\t\t\t\t\t\t\t\t\t<a href=\"https:\/\/armeriaprieto.com\/\">\n\t\t\t\t\t\t\t<img loading=\"lazy\" decoding=\"async\" width=\"225\" height=\"225\" src=\"https:\/\/fcctarragona.com\/wp-content\/uploads\/2024\/06\/forevents.png\" class=\"attachment-large size-large\" alt=\"\" srcset=\"https:\/\/fcctarragona.com\/wp-content\/uploads\/2024\/06\/forevents.png 225w, https:\/\/fcctarragona.com\/wp-content\/uploads\/2024\/06\/forevents-150x150.png 150w\" sizes=\"auto, (max-width: 225px) 100vw, 225px\" \/>\t\t\t\t\t\t\t\t<\/a>\n\t\t\t\t\t\t\t\t\t\t\t\t\t\t\t<\/div>\n\t\t\t\t<\/div>\n\t\t\t\t<div class=\"elementor-element elementor-element-9fc7cd7 elementor-widget elementor-widget-text-editor\" data-id=\"9fc7cd7\" data-element_type=\"widget\" data-widget_type=\"text-editor.default\">\n\t\t\t\t<div class=\"elementor-widget-container\">\n\t\t\t\t\t\t\t<p><span style=\"white-space: pre-wrap;\">N-240 Km 39,5 <br \/>Espluga de Francoli (Tarragona)<br \/><\/span><span style=\"white-space: pre-wrap;\">Telf: 635 60 85 39<\/span><\/p><p>Email:\u00a0<a href=\"altcampv@tinet.org\">cateringforeventsvall@gmail.com<\/a><\/p>\t\t\t\t\t\t<\/div>\n\t\t\t\t<\/div>\n\t\t\t\t\t<\/div>\n\t\t<\/div>\n\t\t\t\t<div class=\"elementor-column elementor-col-33 elementor-inner-column elementor-element elementor-element-86b4f45\" data-id=\"86b4f45\" data-element_type=\"column\">\n\t\t\t<div class=\"elementor-widget-wrap elementor-element-populated\">\n\t\t\t\t\t\t\t\t<div class=\"elementor-element elementor-element-a8bf5e0 elementor-widget elementor-widget-text-editor\" data-id=\"a8bf5e0\" data-element_type=\"widget\" data-widget_type=\"text-editor.default\">\n\t\t\t\t<div class=\"elementor-widget-container\">\n\t\t\t\t\t\t\t\t\t\t\t\t\t<\/div>\n\t\t\t\t<\/div>\n\t\t\t\t\t<\/div>\n\t\t<\/div>\n\t\t\t\t\t\t\t<\/div>\n\t\t<\/section>\n\t\t\t\t<section class=\"elementor-section elementor-top-section elementor-element elementor-element-553673f elementor-section-boxed elementor-section-height-default elementor-section-height-default\" data-id=\"553673f\" data-element_type=\"section\">\n\t\t\t\t\t\t<div class=\"elementor-container elementor-column-gap-default\">\n\t\t\t\t\t<div class=\"elementor-column elementor-col-100 elementor-top-column elementor-element elementor-element-a83be2a\" data-id=\"a83be2a\" data-element_type=\"column\">\n\t\t\t<div class=\"elementor-widget-wrap elementor-element-populated\">\n\t\t\t\t\t\t\t\t<div class=\"elementor-element elementor-element-caf7d46 elementor-widget elementor-widget-spacer\" data-id=\"caf7d46\" data-element_type=\"widget\" data-widget_type=\"spacer.default\">\n\t\t\t\t<div class=\"elementor-widget-container\">\n\t\t\t\t\t<div class=\"elementor-spacer\">\n\t\t\t<div class=\"elementor-spacer-inner\"><\/div>\n\t\t<\/div>\n\t\t\t\t<\/div>\n\t\t\t\t<\/div>\n\t\t\t\t\t<\/div>\n\t\t<\/div>\n\t\t\t\t\t\t\t<\/div>\n\t\t<\/section>\n\t\t\t\t<section class=\"elementor-section elementor-top-section elementor-element elementor-element-e739a57 elementor-section-boxed elementor-section-height-default elementor-section-height-default\" data-id=\"e739a57\" data-element_type=\"section\">\n\t\t\t\t\t\t<div class=\"elementor-container elementor-column-gap-default\">\n\t\t\t\t\t<div class=\"elementor-column elementor-col-100 elementor-top-column elementor-element elementor-element-f9f71b1\" data-id=\"f9f71b1\" data-element_type=\"column\">\n\t\t\t<div class=\"elementor-widget-wrap elementor-element-populated\">\n\t\t\t\t\t\t\t\t<div class=\"elementor-element elementor-element-105e841 elementor-widget elementor-widget-spacer\" data-id=\"105e841\" data-element_type=\"widget\" data-widget_type=\"spacer.default\">\n\t\t\t\t<div class=\"elementor-widget-container\">\n\t\t\t\t\t<div class=\"elementor-spacer\">\n\t\t\t<div class=\"elementor-spacer-inner\"><\/div>\n\t\t<\/div>\n\t\t\t\t<\/div>\n\t\t\t\t<\/div>\n\t\t\t\t\t<\/div>\n\t\t<\/div>\n\t\t\t\t\t\t\t<\/div>\n\t\t<\/section>\n\t\t\t\t<section class=\"elementor-section elementor-top-section elementor-element elementor-element-9e39728 elementor-section-boxed elementor-section-height-default elementor-section-height-default\" data-id=\"9e39728\" data-element_type=\"section\">\n\t\t\t\t\t\t<div class=\"elementor-container elementor-column-gap-default\">\n\t\t\t\t\t<div class=\"elementor-column elementor-col-100 elementor-top-column elementor-element elementor-element-1bbc0d3\" data-id=\"1bbc0d3\" data-element_type=\"column\">\n\t\t\t<div class=\"elementor-widget-wrap elementor-element-populated\">\n\t\t\t\t\t\t\t\t<div class=\"elementor-element elementor-element-9b9e7b5 elementor-widget elementor-widget-spacer\" data-id=\"9b9e7b5\" data-element_type=\"widget\" data-widget_type=\"spacer.default\">\n\t\t\t\t<div class=\"elementor-widget-container\">\n\t\t\t\t\t<div class=\"elementor-spacer\">\n\t\t\t<div class=\"elementor-spacer-inner\"><\/div>\n\t\t<\/div>\n\t\t\t\t<\/div>\n\t\t\t\t<\/div>\n\t\t\t\t\t<\/div>\n\t\t<\/div>\n\t\t\t\t\t\t\t<\/div>\n\t\t<\/section>\n\t\t\t\t\t\t<\/div>\n\t\t\t\t\t<\/div>\n\t\t","protected":false},"excerpt":{"rendered":"<p>Federaci\u00f3 Catalana de ca\u00e7aRepresentaci\u00f3 Territorial de Tarragona \u00daltimes Not\u00edcies Click Aqu\u00ed Presentaci\u00f3 Federaci\u00f3 de ca\u00e7a de Tarragona &#8211; &nbsp;Joaquim Vidal Benvolguts ca\u00e7adors\/es federats\/es del Camp de Tarragona, en les passades eleccions a la Representaci\u00f3 Territorial de la Federaci\u00f3 Catalana de ca\u00e7a de Tarragona, novament he resultat elegit President. No dubteu que el nou equip treballarem &hellip;<\/p>\n<p class=\"read-more\"> <a class=\"\" href=\"https:\/\/fcctarragona.com\/\"> <span class=\"screen-reader-text\">INICI<\/span> Leer m\u00e1s &raquo;<\/a><\/p>\n","protected":false},"author":1,"featured_media":0,"parent":0,"menu_order":0,"comment_status":"closed","ping_status":"closed","template":"","meta":{"footnotes":""},"class_list":["post-1582","page","type-page","status-publish","hentry"],"_links":{"self":[{"href":"https:\/\/fcctarragona.com\/index.php\/wp-json\/wp\/v2\/pages\/1582","targetHints":{"allow":["GET"]}}],"collection":[{"href":"https:\/\/fcctarragona.com\/index.php\/wp-json\/wp\/v2\/pages"}],"about":[{"href":"https:\/\/fcctarragona.com\/index.php\/wp-json\/wp\/v2\/types\/page"}],"author":[{"embeddable":true,"href":"https:\/\/fcctarragona.com\/index.php\/wp-json\/wp\/v2\/users\/1"}],"replies":[{"embeddable":true,"href":"https:\/\/fcctarragona.com\/index.php\/wp-json\/wp\/v2\/comments?post=1582"}],"version-history":[{"count":286,"href":"https:\/\/fcctarragona.com\/index.php\/wp-json\/wp\/v2\/pages\/1582\/revisions"}],"predecessor-version":[{"id":3594,"href":"https:\/\/fcctarragona.com\/index.php\/wp-json\/wp\/v2\/pages\/1582\/revisions\/3594"}],"wp:attachment":[{"href":"https:\/\/fcctarragona.com\/index.php\/wp-json\/wp\/v2\/media?parent=1582"}],"curies":[{"name":"wp","href":"https:\/\/api.w.org\/{rel}","templated":true}]}}